{"id":34,"date":"2016-12-20T15:54:43","date_gmt":"2016-12-20T15:54:43","guid":{"rendered":"http:\/\/fewo-laer-muenster.de\/?page_id=34"},"modified":"2023-01-05T13:04:07","modified_gmt":"2023-01-05T12:04:07","slug":"ferienwohnung-1","status":"publish","type":"page","link":"https:\/\/fewo-laer-muenster.de\/","title":{"rendered":"Ferienwohnung 1"},"content":{"rendered":"<h2><strong>Wohnung 1:<\/strong> Apartment, Franz-Rieping-Str. 6, 48366 Laer<\/h2>\n<p>Unser 51 qm gro\u00dfes Apartment mit DU\/WC liegt zentrumsnah in Laer, Kreis Steinfurt, 20 km vor den Toren von M\u00fcnster (nur 15 Minuten zur A1, Auffahrt M\u00fcnster-Nord und \u00a020 Auto-Minuten\u00a0 nach MS-City, auch mit Schnellbuslinie S 70 gut erreichbar) auf dem Privatgrundst\u00fcck der Besitzer.<\/p>\n<p>Das Apartment\u00a0 liegt im 1. Stock eines separaten Geb\u00e4udes (unten Doppelgarage des Hausbesitzers) und ist \u00fcber eine eigene Treppe vom Garten aus erreichbar.<\/p>\n<p>Eine K\u00fcchenzeile mit Elektroherd (Ceranfeld), Backofen, Mikrowelle, K\u00fchlschrank mit Gefrierfach und Sp\u00fcle, ein modernes Badezimmer mit Dusche und WC, eine gem\u00fctliche Sitzecke, Internet via WLAN, Esstisch mit vier Schwingsesseln und ein teilbares Boxspringbett mit elektrischer H\u00f6henverstellung an Fu\u00df- und Kopfteilen bieten alle Annehmlichkeiten f\u00fcr einen angenehmen und ruhigen Aufenthalt .<\/p>\n<p>Fenster zu drei Seiten machen das Apartment zu einer lichtdurchfluteten Wohnung; die gro\u00dfe Raumh\u00f6he (Firsth\u00f6he ca. 4 m) sorgt f\u00fcr ein \u00e4u\u00dferst angenehmes Raumklima!<\/p>\n<p>Auf Wunsch kann eine dritte Person auf dem Sofa und eine vierte Person im Hochbett (gegen Aufpreis) \u00fcbernachten. Monteure oder andere Berufst\u00e4tige sind bei uns genau so willkommen wie Ferieng\u00e4ste und Wochenendurlauber.<\/p>\n<p>Gerne stellen wir Ihnen Fahrr\u00e4der gegen Geb\u00fchr f\u00fcr Touren im M\u00fcnsterland zur Verf\u00fcgung. Karten und Informationsmaterial halten wir f\u00fcr Sie bereit.<\/p>\n<p>Hunde sind nach vorheriger Absprache (gegen Geb\u00fchr) willkommen.<\/p>\n<p>Unsere G\u00e4ste k\u00f6nnen auch unseren Saunabereich (Nutzung gegen Geb\u00fchr) mit Wintergarten und m\u00f6blierter Sonnenterasse nutzen!<\/p>\n<div id=\"metaslider-id-31\" style=\"max-width: 900px;\" class=\"ml-slider-3-93-0 metaslider metaslider-nivo metaslider-31 ml-slider ms-theme-nivo-dark has-dots-nav\" role=\"region\" aria-roledescription=\"Slideshow\" aria-label=\"FW1\">\n    <div id=\"metaslider_container_31\">\n        <div class='slider-wrapper theme-default'><div class='ribbon'><\/div><div id='metaslider_31' class='nivoSlider'><img loading=\"lazy\" decoding=\"async\" src=\"https:\/\/fewo-laer-muenster.de\/wp-content\/uploads\/2016\/12\/710_9490-Kopie-900x600.jpg\" height=\"600\" width=\"900\" alt=\"\" class=\"slider-31 slide-25\" \/><img loading=\"lazy\" decoding=\"async\" src=\"https:\/\/fewo-laer-muenster.de\/wp-content\/uploads\/2016\/12\/cropped-001-900x600.jpg\" height=\"600\" width=\"900\" alt=\"\" class=\"slider-31 slide-15\" \/><img loading=\"lazy\" decoding=\"async\" src=\"https:\/\/fewo-laer-muenster.de\/wp-content\/uploads\/2019\/01\/doc07430520190115131859-900x600.png\" height=\"600\" width=\"900\" data-caption=\"Booking.com Guest Review Award 2018\n\" title=\"doc07430520190115131859\" alt=\"\" class=\"slider-31 slide-438\" \/><img loading=\"lazy\" decoding=\"async\" src=\"https:\/\/fewo-laer-muenster.de\/wp-content\/uploads\/2018\/02\/2018-02-20-PHOTO-00001022-900x600.jpg\" height=\"600\" width=\"900\" alt=\"\" class=\"slider-31 slide-408\" \/><img loading=\"lazy\" decoding=\"async\" src=\"https:\/\/fewo-laer-muenster.de\/wp-content\/uploads\/2022\/12\/IMG_0351-756x504.jpg\" height=\"600\" width=\"900\" title=\"IMG_0351\" alt=\"\" class=\"slider-31 slide-551\" \/><img loading=\"lazy\" decoding=\"async\" src=\"https:\/\/fewo-laer-muenster.de\/wp-content\/uploads\/2022\/12\/Bett-scaled-900x600.jpg\" height=\"600\" width=\"900\" title=\"Bett\" alt=\"\" class=\"slider-31 slide-558\" \/><img loading=\"lazy\" decoding=\"async\" src=\"https:\/\/fewo-laer-muenster.de\/wp-content\/uploads\/2022\/12\/IMG_0354-756x504.jpg\" height=\"600\" width=\"900\" title=\"IMG_0354\" alt=\"\" class=\"slider-31 slide-552\" \/><img loading=\"lazy\" decoding=\"async\" src=\"https:\/\/fewo-laer-muenster.de\/wp-content\/uploads\/2022\/12\/Fewo1_Sitzecke3-rotated-480x320.jpg\" height=\"600\" width=\"900\" title=\"Fewo1_Sitzecke3\" alt=\"\" class=\"slider-31 slide-553\" \/><img loading=\"lazy\" decoding=\"async\" src=\"https:\/\/fewo-laer-muenster.de\/wp-content\/uploads\/2022\/12\/Fewo1_Esstisch-rotated-480x320.jpg\" height=\"600\" width=\"900\" title=\"Fewo1_Esstisch\" alt=\"\" class=\"slider-31 slide-554\" \/><img loading=\"lazy\" decoding=\"async\" src=\"https:\/\/fewo-laer-muenster.de\/wp-content\/uploads\/2022\/12\/Fewo1_Erker-1-rotated-480x320.jpg\" height=\"600\" width=\"900\" title=\"Fewo1_Erker (1)\" alt=\"\" class=\"slider-31 slide-555\" \/><img loading=\"lazy\" decoding=\"async\" src=\"https:\/\/fewo-laer-muenster.de\/wp-content\/uploads\/2022\/12\/Fewo1_Blick_vom_Bett-640x426.jpg\" height=\"600\" width=\"900\" title=\"Fewo1_Blick_vom_Bett\" alt=\"\" class=\"slider-31 slide-556\" \/><img loading=\"lazy\" decoding=\"async\" src=\"https:\/\/fewo-laer-muenster.de\/wp-content\/uploads\/2022\/12\/IMG_0358-scaled-900x600.jpg\" height=\"600\" width=\"900\" title=\"IMG_0358\" alt=\"\" class=\"slider-31 slide-557\" \/><img loading=\"lazy\" decoding=\"async\" src=\"https:\/\/fewo-laer-muenster.de\/wp-content\/uploads\/2016\/12\/007-900x600.jpg\" height=\"600\" width=\"900\" alt=\"\" class=\"slider-31 slide-85\" \/><\/div><\/div>\n        \n    <\/div>\n<\/div>\n","protected":false},"excerpt":{"rendered":"<p>Wohnung 1: Apartment, Franz-Rieping-Str. 6, 48366 Laer Unser 51 qm gro\u00dfes Apartment mit DU\/WC liegt zentrumsnah in Laer, Kreis Steinfurt, 20 km vor den Toren von M\u00fcnster (nur 15 Minuten zur A1, Auffahrt M\u00fcnster-Nord und \u00a020 Auto-Minuten\u00a0 nach MS-City, auch mit Schnellbuslinie S 70 gut erreichbar) auf dem Privatgrundst\u00fcck der Besitzer. Das Apartment\u00a0 liegt im &hellip; <\/p>\n<p class=\"link-more\"><a href=\"https:\/\/fewo-laer-muenster.de\/\" class=\"more-link\"><span class=\"screen-reader-text\">\u201eFerienwohnung 1\u201c<\/span> weiterlesen<\/a><\/p>\n","protected":false},"author":1,"featured_media":0,"parent":0,"menu_order":0,"comment_status":"closed","ping_status":"closed","template":"","meta":{"footnotes":""},"class_list":["post-34","page","type-page","status-publish","hentry"],"_links":{"self":[{"href":"https:\/\/fewo-laer-muenster.de\/index.php?rest_route=\/wp\/v2\/pages\/34","targetHints":{"allow":["GET"]}}],"collection":[{"href":"https:\/\/fewo-laer-muenster.de\/index.php?rest_route=\/wp\/v2\/pages"}],"about":[{"href":"https:\/\/fewo-laer-muenster.de\/index.php?rest_route=\/wp\/v2\/types\/page"}],"author":[{"embeddable":true,"href":"https:\/\/fewo-laer-muenster.de\/index.php?rest_route=\/wp\/v2\/users\/1"}],"replies":[{"embeddable":true,"href":"https:\/\/fewo-laer-muenster.de\/index.php?rest_route=%2Fwp%2Fv2%2Fcomments&post=34"}],"version-history":[{"count":11,"href":"https:\/\/fewo-laer-muenster.de\/index.php?rest_route=\/wp\/v2\/pages\/34\/revisions"}],"predecessor-version":[{"id":562,"href":"https:\/\/fewo-laer-muenster.de\/index.php?rest_route=\/wp\/v2\/pages\/34\/revisions\/562"}],"wp:attachment":[{"href":"https:\/\/fewo-laer-muenster.de\/index.php?rest_route=%2Fwp%2Fv2%2Fmedia&parent=34"}],"curies":[{"name":"wp","href":"https:\/\/api.w.org\/{rel}","templated":true}]}}